{"id":1451,"date":"2020-04-19T21:43:54","date_gmt":"2020-04-19T19:43:54","guid":{"rendered":"http:\/\/www.fernheizwerk-gossensass.bz.it\/clienti\/"},"modified":"2026-02-20T11:54:45","modified_gmt":"2026-02-20T10:54:45","slug":"clienti","status":"publish","type":"page","link":"https:\/\/www.fernheizwerk-gossensass.bz.it\/it\/clienti\/","title":{"rendered":"Clienti"},"content":{"rendered":"\t\t<div data-elementor-type=\"wp-post\" data-elementor-id=\"1451\" class=\"elementor elementor-1451 elementor-1340\">\n\t\t\t\t\t\t<section class=\"elementor-section elementor-top-section elementor-element elementor-element-4d98339 elementor-section-full_width elementor-section-height-min-height elementor-section-height-default elementor-section-items-middle\" data-id=\"4d98339\" data-element_type=\"section\" data-settings=\"{&quot;background_background&quot;:&quot;classic&quot;}\">\n\t\t\t\t\t\t<div class=\"elementor-container elementor-column-gap-no\">\n\t\t\t\t\t<div class=\"elementor-column elementor-col-100 elementor-top-column elementor-element elementor-element-783a2ac\" data-id=\"783a2ac\" data-element_type=\"column\">\n\t\t\t<div class=\"elementor-widget-wrap\">\n\t\t\t\t\t\t\t<\/div>\n\t\t<\/div>\n\t\t\t\t\t<\/div>\n\t\t<\/section>\n\t\t\t\t<section class=\"elementor-section elementor-top-section elementor-element elementor-element-568befed elementor-section-boxed elementor-section-height-default elementor-section-height-default\" data-id=\"568befed\" data-element_type=\"section\" id=\"kunden\" data-settings=\"{&quot;background_background&quot;:&quot;classic&quot;}\">\n\t\t\t\t\t\t<div class=\"elementor-container elementor-column-gap-default\">\n\t\t\t\t\t<div class=\"elementor-column elementor-col-100 elementor-top-column elementor-element elementor-element-6a6c42c\" data-id=\"6a6c42c\" data-element_type=\"column\">\n\t\t\t<div class=\"elementor-widget-wrap elementor-element-populated\">\n\t\t\t\t\t\t<div class=\"elementor-element elementor-element-7e132330 elementor-align-center elementor-widget elementor-widget-raven-heading\" data-id=\"7e132330\" data-element_type=\"widget\" data-widget_type=\"raven-heading.default\">\n\t\t\t\t<div class=\"elementor-widget-container\">\n\t\t\t\t\t\t\t<div class=\"raven-widget-wrapper\"><h3 class=\"raven-heading raven-heading-h3\"><span class=\"raven-heading-title \">Clienti:<\/span><\/h3><\/div>\r\n\t\t\t\t\t\t<\/div>\n\t\t\t\t<\/div>\n\t\t\t\t<section class=\"elementor-section elementor-inner-section elementor-element elementor-element-3d3bbb67 elementor-section-boxed elementor-section-height-default elementor-section-height-default\" data-id=\"3d3bbb67\" data-element_type=\"section\">\n\t\t\t\t\t\t<div class=\"elementor-container elementor-column-gap-default\">\n\t\t\t\t\t<div class=\"elementor-column elementor-col-50 elementor-inner-column elementor-element elementor-element-60e8dfb0\" data-id=\"60e8dfb0\" data-element_type=\"column\">\n\t\t\t<div class=\"elementor-widget-wrap elementor-element-populated\">\n\t\t\t\t\t\t<div class=\"elementor-element elementor-element-6b02cf80 elementor-widget elementor-widget-text-editor\" data-id=\"6b02cf80\" data-element_type=\"widget\" data-widget_type=\"text-editor.default\">\n\t\t\t\t<div class=\"elementor-widget-container\">\n\t\t\t\t\t\t\t\t\t<p><strong>Per l\u2019invio di reclami e richieste di informazioni l\u2019utente pu\u00f2 rivolgersi a:<\/strong><\/p><p>Teleriscaldamento Colle Isarco Societ\u00e0 Cooperativa<br \/>Via Fleres. 9\/c<br \/>39041 Colle Isarco (BZ)<br \/>Tel: +39 3479323585<br \/>E-Mail: <a href=\"mailto:fernheizwerkgossensass@rolmail.net\">fernheizwerkgossensass@rolmail.net<\/a><\/p><p><strong>Orari di apertura dell\u2019ufficio e del servizio telefonico:<\/strong><br \/>Orari di apertura dell&#8217;ufficio solo su appuntamento.<\/p><p>Servizio telefonico Luned\u00ec &#8211; Venerd\u00ec dalle 10:00 &#8211; 12:00.<br \/>Siamo raggiungibili tutti i giorni, tranne il sabato, la domenica e i giorni festivi, dalle 10:00 alle 12:00.<\/p>\t\t\t\t\t\t\t\t<\/div>\n\t\t\t\t<\/div>\n\t\t\t\t<div class=\"elementor-element elementor-element-570774d2 elementor-widget elementor-widget-heading\" data-id=\"570774d2\" data-element_type=\"widget\" data-widget_type=\"heading.default\">\n\t\t\t\t<div class=\"elementor-widget-container\">\n\t\t\t\t\t<h4 class=\"elementor-heading-title elementor-size-default\">Servizio di pronto intervento:<\/h4>\t\t\t\t<\/div>\n\t\t\t\t<\/div>\n\t\t\t\t<div class=\"elementor-element elementor-element-308b1f59 elementor-widget elementor-widget-text-editor\" data-id=\"308b1f59\" data-element_type=\"widget\" data-widget_type=\"text-editor.default\">\n\t\t\t\t<div class=\"elementor-widget-container\">\n\t\t\t\t\t\t\t\t\t<p>Il servizio di pronto intervento per le segnalazioni di dispersioni di acqua o vapore dalla rete, irregolarit\u00e0 o interruzioni nella fornitura \u00e8 gratuito e attivo 24 ore su 24 tutti i giorni dell\u2019anno:<br \/><strong>Tel. +39 3479323585<\/strong><\/p>\t\t\t\t\t\t\t\t<\/div>\n\t\t\t\t<\/div>\n\t\t\t\t\t<\/div>\n\t\t<\/div>\n\t\t\t\t<div class=\"elementor-column elementor-col-50 elementor-inner-column elementor-element elementor-element-14655241 linko\" data-id=\"14655241\" data-element_type=\"column\">\n\t\t\t<div class=\"elementor-widget-wrap elementor-element-populated\">\n\t\t\t\t\t\t<div class=\"elementor-element elementor-element-66fd4dc8 elementor-widget elementor-widget-heading\" data-id=\"66fd4dc8\" data-element_type=\"widget\" data-widget_type=\"heading.default\">\n\t\t\t\t<div class=\"elementor-widget-container\">\n\t\t\t\t\t<h4 class=\"elementor-heading-title elementor-size-default\">Downloads:<\/h4>\t\t\t\t<\/div>\n\t\t\t\t<\/div>\n\t\t\t\t<div class=\"elementor-element elementor-element-839da47 elementor-icon-list--layout-traditional elementor-list-item-link-full_width elementor-widget elementor-widget-icon-list\" data-id=\"839da47\" data-element_type=\"widget\" data-widget_type=\"icon-list.default\">\n\t\t\t\t<div class=\"elementor-widget-container\">\n\t\t\t\t\t\t\t<ul class=\"elementor-icon-list-items\">\n\t\t\t\t\t\t\t<li class=\"elementor-icon-list-item\">\n\t\t\t\t\t\t\t\t\t\t\t<a href=\"\/wp-content\/uploads\/IT-1-Anfrage-um-Kostenvoranschlag-fu\u0308r-Anschluss.pdf\" target=\"_blank\">\n\n\t\t\t\t\t\t\t\t\t\t\t\t<span class=\"elementor-icon-list-icon\">\n\t\t\t\t\t\t\t<i aria-hidden=\"true\" class=\"far fa-file-pdf\"><\/i>\t\t\t\t\t\t<\/span>\n\t\t\t\t\t\t\t\t\t\t<span class=\"elementor-icon-list-text\">Richiesta allacciamento teleriscaldamento<\/span>\n\t\t\t\t\t\t\t\t\t\t\t<\/a>\n\t\t\t\t\t\t\t\t\t<\/li>\n\t\t\t\t\t\t\t\t<li class=\"elementor-icon-list-item\">\n\t\t\t\t\t\t\t\t\t\t\t<a href=\"\/wp-content\/uploads\/IT-2-Anfrage-um-Kostenvoranschlag-fu\u0308r-Arbeiten.pdf\" target=\"_blank\">\n\n\t\t\t\t\t\t\t\t\t\t\t\t<span class=\"elementor-icon-list-icon\">\n\t\t\t\t\t\t\t<i aria-hidden=\"true\" class=\"far fa-file-pdf\"><\/i>\t\t\t\t\t\t<\/span>\n\t\t\t\t\t\t\t\t\t\t<span class=\"elementor-icon-list-text\">Richiesta preventivo per lavori<\/span>\n\t\t\t\t\t\t\t\t\t\t\t<\/a>\n\t\t\t\t\t\t\t\t\t<\/li>\n\t\t\t\t\t\t\t\t<li class=\"elementor-icon-list-item\">\n\t\t\t\t\t\t\t\t\t\t\t<a href=\"\/wp-content\/uploads\/IT-3-Anfrage-um-Aktivierung-der-Lieferung.pdf\" target=\"_blank\">\n\n\t\t\t\t\t\t\t\t\t\t\t\t<span class=\"elementor-icon-list-icon\">\n\t\t\t\t\t\t\t<i aria-hidden=\"true\" class=\"far fa-file-pdf\"><\/i>\t\t\t\t\t\t<\/span>\n\t\t\t\t\t\t\t\t\t\t<span class=\"elementor-icon-list-text\">Richiesta attivazione della fornitura<\/span>\n\t\t\t\t\t\t\t\t\t\t\t<\/a>\n\t\t\t\t\t\t\t\t\t<\/li>\n\t\t\t\t\t\t\t\t<li class=\"elementor-icon-list-item\">\n\t\t\t\t\t\t\t\t\t\t\t<a href=\"\/wp-content\/uploads\/IT-4-Anfrage-um-Deaktivierung-der-Lieferung-oder-Trennung-vom-Netz.pdf\" target=\"_blank\">\n\n\t\t\t\t\t\t\t\t\t\t\t\t<span class=\"elementor-icon-list-icon\">\n\t\t\t\t\t\t\t<i aria-hidden=\"true\" class=\"far fa-file-pdf\"><\/i>\t\t\t\t\t\t<\/span>\n\t\t\t\t\t\t\t\t\t\t<span class=\"elementor-icon-list-text\">Richiesta disattivazione\/scollegamento teleriscaldamento<\/span>\n\t\t\t\t\t\t\t\t\t\t\t<\/a>\n\t\t\t\t\t\t\t\t\t<\/li>\n\t\t\t\t\t\t\t\t<li class=\"elementor-icon-list-item\">\n\t\t\t\t\t\t\t\t\t\t\t<a href=\"\/wp-content\/uploads\/IT-5-Formular-fu\u0308r-Beschwerde-oder-Informationsanfrage.pdf\" target=\"_blank\">\n\n\t\t\t\t\t\t\t\t\t\t\t\t<span class=\"elementor-icon-list-icon\">\n\t\t\t\t\t\t\t<i aria-hidden=\"true\" class=\"far fa-file-pdf\"><\/i>\t\t\t\t\t\t<\/span>\n\t\t\t\t\t\t\t\t\t\t<span class=\"elementor-icon-list-text\">Richiesta informazioni o reclamo<\/span>\n\t\t\t\t\t\t\t\t\t\t\t<\/a>\n\t\t\t\t\t\t\t\t\t<\/li>\n\t\t\t\t\t\t\t\t<li class=\"elementor-icon-list-item\">\n\t\t\t\t\t\t\t\t\t\t\t<a href=\"#\" target=\"_blank\">\n\n\t\t\t\t\t\t\t\t\t\t\t\t<span class=\"elementor-icon-list-icon\">\n\t\t\t\t\t\t\t<i aria-hidden=\"true\" class=\"far fa-file-pdf\"><\/i>\t\t\t\t\t\t<\/span>\n\t\t\t\t\t\t\t\t\t\t<span class=\"elementor-icon-list-text\">Esempio contratto fornitura di calore<\/span>\n\t\t\t\t\t\t\t\t\t\t\t<\/a>\n\t\t\t\t\t\t\t\t\t<\/li>\n\t\t\t\t\t\t\t\t<li class=\"elementor-icon-list-item\">\n\t\t\t\t\t\t\t\t\t\t\t<a href=\"https:\/\/www.fernheizwerk-gossensass.bz.it\/wp-content\/uploads\/Tarifblatt-2026-IT.pdf\" target=\"_blank\">\n\n\t\t\t\t\t\t\t\t\t\t\t\t<span class=\"elementor-icon-list-icon\">\n\t\t\t\t\t\t\t<i aria-hidden=\"true\" class=\"far fa-file-pdf\"><\/i>\t\t\t\t\t\t<\/span>\n\t\t\t\t\t\t\t\t\t\t<span class=\"elementor-icon-list-text\">Tariffe<\/span>\n\t\t\t\t\t\t\t\t\t\t\t<\/a>\n\t\t\t\t\t\t\t\t\t<\/li>\n\t\t\t\t\t\t\t\t<li class=\"elementor-icon-list-item\">\n\t\t\t\t\t\t\t\t\t\t\t<a href=\"\/wp-content\/uploads\/Dichiarazione-fattore-di-conversione.pdf\" target=\"_blank\">\n\n\t\t\t\t\t\t\t\t\t\t\t\t<span class=\"elementor-icon-list-icon\">\n\t\t\t\t\t\t\t<i aria-hidden=\"true\" class=\"far fa-file-pdf\"><\/i>\t\t\t\t\t\t<\/span>\n\t\t\t\t\t\t\t\t\t\t<span class=\"elementor-icon-list-text\">Dichiarazione fattore di conversione<\/span>\n\t\t\t\t\t\t\t\t\t\t\t<\/a>\n\t\t\t\t\t\t\t\t\t<\/li>\n\t\t\t\t\t\t\t\t<li class=\"elementor-icon-list-item\">\n\t\t\t\t\t\t\t\t\t\t\t<a href=\"https:\/\/www.fernheizwerk-gossensass.bz.it\/wp-content\/uploads\/RICHIESTA-DI-INTERVENTO-PER-VERIFICA-CONTATORE.pdf\" target=\"_blank\">\n\n\t\t\t\t\t\t\t\t\t\t\t\t<span class=\"elementor-icon-list-icon\">\n\t\t\t\t\t\t\t<i aria-hidden=\"true\" class=\"far fa-file-pdf\"><\/i>\t\t\t\t\t\t<\/span>\n\t\t\t\t\t\t\t\t\t\t<span class=\"elementor-icon-list-text\">Richiesta di intervento per verifica contatore<\/span>\n\t\t\t\t\t\t\t\t\t\t\t<\/a>\n\t\t\t\t\t\t\t\t\t<\/li>\n\t\t\t\t\t\t<\/ul>\n\t\t\t\t\t\t<\/div>\n\t\t\t\t<\/div>\n\t\t\t\t<div class=\"elementor-element elementor-element-e1b6f39 elementor-widget elementor-widget-text-editor\" data-id=\"e1b6f39\" data-element_type=\"widget\" data-widget_type=\"text-editor.default\">\n\t\t\t\t<div class=\"elementor-widget-container\">\n\t\t\t\t\t\t\t\t\t<p><strong>Coordinate bancharie:<br \/><\/strong>Cassa Raiffeisen Wipptal<br \/>IBAN. IT 87 M 08182 58210 000302002001<\/p>\t\t\t\t\t\t\t\t<\/div>\n\t\t\t\t<\/div>\n\t\t\t\t\t<\/div>\n\t\t<\/div>\n\t\t\t\t\t<\/div>\n\t\t<\/section>\n\t\t\t\t\t<\/div>\n\t\t<\/div>\n\t\t\t\t\t<\/div>\n\t\t<\/section>\n\t\t\t\t<section class=\"elementor-section elementor-top-section elementor-element elementor-element-3f9be6bb elementor-section-boxed elementor-section-height-default elementor-section-height-default\" data-id=\"3f9be6bb\" data-element_type=\"section\" data-settings=\"{&quot;background_background&quot;:&quot;classic&quot;}\">\n\t\t\t\t\t\t<div class=\"elementor-container elementor-column-gap-no\">\n\t\t\t\t\t<div class=\"elementor-column elementor-col-100 elementor-top-column elementor-element elementor-element-638c7d56\" data-id=\"638c7d56\" data-element_type=\"column\" data-settings=\"{&quot;background_background&quot;:&quot;classic&quot;}\">\n\t\t\t<div class=\"elementor-widget-wrap elementor-element-populated\">\n\t\t\t\t\t\t<div class=\"elementor-element elementor-element-20eb4845 elementor-widget elementor-widget-toggle\" data-id=\"20eb4845\" data-element_type=\"widget\" data-widget_type=\"toggle.default\">\n\t\t\t\t<div class=\"elementor-widget-container\">\n\t\t\t\t\t\t\t<div class=\"elementor-toggle\">\n\t\t\t\t\t\t\t<div class=\"elementor-toggle-item\">\n\t\t\t\t\t<div id=\"elementor-tab-title-5521\" class=\"elementor-tab-title\" data-tab=\"1\" role=\"button\" aria-controls=\"elementor-tab-content-5521\" aria-expanded=\"false\">\n\t\t\t\t\t\t\t\t\t\t\t\t<span class=\"elementor-toggle-icon elementor-toggle-icon-left\" aria-hidden=\"true\">\n\t\t\t\t\t\t\t\t\t\t\t\t\t\t\t<span class=\"elementor-toggle-icon-closed\"><i class=\"fas fa-plus\"><\/i><\/span>\n\t\t\t\t\t\t\t\t<span class=\"elementor-toggle-icon-opened\"><i class=\"elementor-toggle-icon-opened fas fa-play\"><\/i><\/span>\n\t\t\t\t\t\t\t\t\t\t\t\t\t<\/span>\n\t\t\t\t\t\t\t\t\t\t\t\t<a class=\"elementor-toggle-title\" tabindex=\"0\">Standard di qualit\u00e0 commerciale<\/a>\n\t\t\t\t\t<\/div>\n\n\t\t\t\t\t<div id=\"elementor-tab-content-5521\" class=\"elementor-tab-content elementor-clearfix\" data-tab=\"1\" role=\"region\" aria-labelledby=\"elementor-tab-title-5521\"><h4><strong>Standard di qualit\u00e0 commerciale ai sensi del RQCT relativo alla qualit\u00e0 commerciale<\/strong><\/h4>\n<p>Ai sensi del RQCT (allegato A della delibera ARERA n. 526\/2021\/R\/tlr e s.m.i.) dell\u2019Autorit\u00e0 di Regolazione per Energia Reti e Ambiente ARERA, in qualit\u00e0 di esercente siamo obbligati a rispettare i seguenti standard di qualit\u00e0 commerciale:<\/p>\n<p><strong>Standard specifici:<\/strong><\/p>\n<table width=\"100%\">\n<tbody>\n<tr>\n<td style=\"text-align: left;\"><strong>Standard<\/strong><\/td>\n<td style=\"text-align: left;\"><strong>Descrizione<\/strong><\/td>\n<td style=\"text-align: left;\"><strong>Livello standard<\/strong><\/td>\n<td style=\"text-align: left;\"><strong>Grado di rispetto nell&#8217;anno 2023<\/strong><\/td>\n<\/tr>\n<tr>\n<td style=\"text-align: left;\">Tempo massimo di attivazione della fornitura<\/td>\n<td style=\"text-align: left;\"><em>\u00c8 il tempo, misurato in giorni lavorativi, intercorrente tra la data di ricevimento da parte dell\u2019esercente della domanda di attivazione della fornitura del richiedente e la data di attivazione della fornitura<\/em><\/td>\n<td style=\"text-align: left;\"><strong>7 gg lavorativi&nbsp;&nbsp; <\/strong><\/td>\n<td style=\"text-align: left;\">100%<\/td>\n<\/tr>\n<tr>\n<td style=\"text-align: left;\">Tempo massimo di riattivazione della fornitura in seguito a sospensione per morosit\u00e0<\/td>\n<td style=\"text-align: left;\"><em>\u00c8 il tempo intercorrente tra la data di ricevimento da parte dell\u2019esercente il servizio dell\u2019attestazione di avvenuto pagamento delle somme dovute dall\u2019utente moroso e la data di effettiva riattivazione della fornitura<\/em><\/td>\n<td style=\"text-align: left;\"><strong>2 gg feriali&nbsp;&nbsp; <\/strong><\/td>\n<td style=\"text-align: left;\">100%<\/td>\n<\/tr>\n<tr>\n<td style=\"text-align: left;\">Tempo massimo di disattivazione della fornitura su richiesta dell&#8217;utente<\/td>\n<td style=\"text-align: left;\"><em>\u00c8 il tempo intercorrente tra la data di ricevimento da parte dell\u2019esercente della richiesta di disattivazione della fornitura presentata dall\u2019utente e la data di effettiva disattivazione<\/em><\/td>\n<td style=\"text-align: left;\"><strong>5 gg lavorativi&nbsp;&nbsp; <\/strong><\/td>\n<td style=\"text-align: left;\">100%<\/td>\n<\/tr>\n<tr>\n<td style=\"text-align: left;\">Tempo massimo di risposta motivata a reclami scritti<\/td>\n<td style=\"text-align: left;\"><em>\u00c8 il tempo intercorrente tra la data di ricevimento da parte dell\u2019esercente del reclamo scritto del richiedente e la data di messa a disposizione a quest\u2019ultimo da parte dell\u2019esercente della risposta&nbsp;<\/em><em style=\"font-family: inherit; font-size: inherit;\">motivata scritta<\/em><\/td>\n<td style=\"text-align: left;\"><strong>30 gg solari<\/strong><\/td>\n<td style=\"text-align: left;\">100%<\/td>\n<\/tr>\n<\/tbody>\n<\/table>\n<p><strong>Standard generali:<\/strong><\/p>\n<table width=\"100%\">\n<tbody>\n<tr>\n<td style=\"text-align: left;\"><strong>Standard<\/strong><\/td>\n<td style=\"text-align: left;\"><strong>Descrizione<\/strong><\/td>\n<td style=\"text-align: left;\"><strong>Livello standard<\/strong><\/td>\n<td style=\"text-align: left;\"><strong>Grado di rispetto nell&#8217;anno 2023<\/strong><\/td>\n<\/tr>\n<tr>\n<td style=\"text-align: left;\">Percentuale minima di preventivazioni per lavori semplici messi a disposizione entro il tempo massimo di dieci (10) giorni lavorativi dalla relativa richiesta<\/td>\n<td style=\"text-align: left;\"><em>Il tempo di preventivazione per l\u2019esecuzione di lavori \u00e8 il tempo intercorrente tra la data di ricevimento da parte dell\u2019esercente della richiesta di preventivo del richiedente e la data di messa a disposizione del preventivo al richiedente<\/em><\/td>\n<td style=\"text-align: left;\"><strong>90%<\/strong><\/td>\n<td style=\"text-align: left;\">100%<\/td>\n<\/tr>\n<tr>\n<td style=\"text-align: left;\">Percentuale minima di preventivazioni per lavori complessi messi a disposizione entro il tempo massimo di trenta (30) giorni lavorativi dalla relativa richiesta<\/td>\n<td style=\"text-align: left;\"><em>Il tempo di preventivazione per l\u2019esecuzione di lavori \u00e8 il tempo intercorrente tra la data di ricevimento da parte dell\u2019esercente della richiesta di preventivo del richiedente e la data di messa a disposizione del preventivo al richiedente<\/em><\/td>\n<td style=\"text-align: left;\"><strong>90%<\/strong><\/td>\n<td style=\"text-align: left;\">100%<\/td>\n<\/tr>\n<\/tbody>\n<\/table>\n<p><strong>Indennizzi automatici ai sensi del RQCT relativo alla qualit\u00e0 commerciale<br>\n<\/strong>In caso di mancato rispetto degli standard specifici di qualit\u00e0 commerciale indicati, l\u2019esercente deve accreditare all\u2019utente un indennizzo automatico secondo le condizioni previste dal RQCT.<\/p>\n<p>L\u2019indennizzo automatico base corrisponde a 30 Euro per prestazioni richieste da utenti di minori dimensioni (con una potenza contrattualizzata o convenzionale non superiore a 50 kW) e a 70 Euro per prestazioni richieste da utenti di medie dimensioni (con potenza contrattualizzata o convenzionale superiore a 50 kW e non superiore a 350 kW). Solo nel caso di risposta motivata a reclamo scritto di un utente l\u2019indennizzo automatico base corrisponde sempre a 30 Euro.<\/p>\n<p>L\u2019indennizzo base \u00e8 crescente in relazione al ritardo nell\u2019esecuzione della prestazione come indicato di seguito:<br>\n\u2013 se l\u2019esecuzione della prestazione avviene oltre lo standard, ma entro un tempo doppio dello standard a cui si riferisce la prestazione, \u00e8 corrisposto l\u2019indennizzo automatico base;<br>\n\u2013 se l\u2019esecuzione della prestazione avviene oltre un tempo doppio dello standard cui si riferisce la prestazione, ma entro un tempo triplo, \u00e8 corrisposto il doppio dell\u2019indennizzo automatico base;<br>\n\u2013 se l\u2019esecuzione della prestazione avviene oltre un tempo triplo dello standard cui si riferisce la prestazione \u00e8 corrisposto il triplo dell\u2019indennizzo automatico base.<\/p>\n<p>L\u2019indennizzo verr\u00e0 accreditato all\u2019utente attraverso detrazione dall\u2019importo addebitato nel primo documento di fatturazione utile. La corresponsione dell\u2019indennizzo automatico non esclude la possibilit\u00e0 di richiedere nelle opportune sedi il risarcimento dell\u2019eventuale danno ulteriore sub\u00ecto<\/p>\n<h4><strong>Standard specifici di qualit\u00e0 del servizio di telecalore relativi alla misura ai sensi del TIMT<\/strong><\/h4>\n<p>Ai sensi del TIMT (Allegato A, Delibera ARERA 17 novembre 2020, 478\/2020\/R\/tlr e s.m.i.) dell\u2019Autorit\u00e0 di Regolazione per Energia Reti e Ambiente ARERA, in qualit\u00e0 di esercente siamo obbligati a rispettare i seguenti standard di qualit\u00e0 commerciale relativi alla misura:<\/p>\n<table width=\"100%\">\n<tbody>\n<tr>\n<td style=\"text-align: left;\">Indicatore<\/td>\n<td style=\"text-align: left;\">Standard specifico<\/td>\n<td style=\"text-align: left;\">Grado di rispetto nell&#8217;anno 2023<\/td>\n<\/tr>\n<tr>\n<td style=\"text-align: left;\">Tempo di intervento per la verifica del misuratore di cui all\u2019Articolo 13 TIMT<\/td>\n<td style=\"text-align: left;\">Tempo massimo di 15 (quindici) giorni lavorativi<\/td>\n<td style=\"text-align: left;\">100%<\/td>\n<\/tr>\n<tr>\n<td style=\"text-align: left;\">Tempo di comunicazione dell\u2019esito della verifica del misuratore di cui all\u2019Articolo 14 TIMT<\/td>\n<td style=\"text-align: left;\">Tempo massimo di 10 (dieci) giorni lavorativi, se effettuata in loco<\/td>\n<td style=\"text-align: left;\">100%<\/td>\n<\/tr>\n<tr>\n<td style=\"text-align: left;\">Tempo di comunicazione dell\u2019esito della verifica del misuratore di cui all\u2019Articolo 14 TIMT<\/td>\n<td style=\"text-align: left;\">Tempo massimo di 30 (trenta) giorni lavorativi, se non effettuata in loco<\/td>\n<td style=\"text-align: left;\">100%<\/td>\n<\/tr>\n<tr>\n<td style=\"text-align: left;\">Tempo di sostituzione del misuratore guasto o malfunzionante di cui all\u2019Articolo 15 TIMT<\/td>\n<td style=\"text-align: left;\">Tempo massimo di 15 (quindici) giorni lavorativi<\/td>\n<td style=\"text-align: left;\">100%<\/td>\n<\/tr>\n<\/tbody>\n<\/table>\n<p><strong>Indennizzi automatici ai sensi del TIMT relativo alla misura<\/strong><\/p>\n<p>In caso di mancato rispetto degli standard specifici di qualit\u00e0 definiti all\u2019Articolo 18 del TIMT, l\u2019esercente corrisponde all\u2019utente, in occasione del primo documento di fatturazione utile, un indennizzo automatico base pari a:<br>\na) trenta (30) euro, per prestazioni richieste da utenti di minori dimensioni (con una potenza contrattualizzata o convenzionale non superiore a 50 kW);<br>\nb) settanta (70) euro, per prestazioni richieste da utenti di medie dimensioni (con potenza contrattualizzata o convenzionale superiore a 50 kW e non superiore a 350 kW).<br>\nTali indennizzi automatici base sono crescenti in relazione al ritardo nell\u2019esecuzione della prestazione come indicato di seguito:<br>\na) se l\u2019esecuzione della prestazione avviene oltre lo standard, ma entro un tempo doppio dello standard a cui si riferisce la prestazione, \u00e8 corrisposto l\u2019indennizzo automatico base;<br>\nb) se l\u2019esecuzione della prestazione avviene oltre un tempo doppio dello standard cui si riferisce la prestazione, ma entro un tempo triplo, \u00e8 corrisposto il doppio dell\u2019indennizzo automatico base;<br>\nc) se l\u2019esecuzione della prestazione avviene oltre un tempo triplo dello standard cui si riferisce la prestazione \u00e8 corrisposto il triplo dell\u2019indennizzo automatico base.<\/p>\n<p>L\u2019esercente non \u00e8 tenuto a corrispondere l\u2019indennizzo automatico qualora il mancato rispetto degli standard specifici di qualit\u00e0 sia riconducibile a una delle seguenti cause: a) cause di forza maggiore, intese come atti di autorit\u00e0 pubblica, eventi naturali eccezionali per i quali sia stato dichiarato lo stato di calamit\u00e0 dall\u2019autorit\u00e0 competente, scioperi indetti senza il preavviso previsto dalla legge, mancato ottenimento di atti autorizzativi; b) cause imputabili all\u2019utente o a terzi, ovvero danni o impedimenti provocati da terzi.<\/p>\n<p>L\u2019esercente, nei casi in cui l\u2019utente risulti moroso, sospende l\u2019erogazione dell\u2019indennizzo automatico fino al pagamento delle somme dovute.<\/p>\n<h4><strong>Standard specifici di qualit\u00e0 del servizio di telecalore relativi alla qualit\u00e0 tecnica ai sensi del RQTT<\/strong><\/h4>\n<p>Ai sensi del RQTT (Allegato A, Delibera ARERA 25 luglio 2023, 346\/2023\/R\/tlr e s.m.i.) dell\u2019Autorit\u00e0 di Regolazione per Energia Reti e Ambiente ARERA, in qualit\u00e0 di esercente siamo obbligati a rispettare i seguenti standard di qualit\u00e0 tecnica:<\/p>\n<table>\n<tbody>\n<tr>\n<td>Indicatore<\/td>\n<td>Livello specifico<\/td>\n<td>Grado di rispetto nell\u2018anno 2024<\/td>\n<\/tr>\n<tr>\n<td rowspan=\"2\">Durata massima delle interruzioni del servizio, calcolata sulla base delle disposizioni di cui all\u2019Articolo 13 del RQTT, avvenute senza il preavviso di cui all\u2019Articolo 14 del RQTT<\/td>\n<td width=\"154\">12 ore, se avvenute nel periodo invernale<\/td>\n<td width=\"154\">n.d.<\/td>\n<\/tr>\n<tr>\n<td>24 ore, se avvenute nel periodo estivo<\/td>\n<td>n.d.<\/td>\n<\/tr>\n<\/tbody>\n<\/table>\n<p><strong>Indennizzi automatici ai sensi del RQTT relativo alla qualit\u00e0 tecnica <\/strong><\/p>\n<p>In caso di mancato rispetto degli standard specifici di qualit\u00e0 definiti all\u2019Articolo 20 del RQTT, l\u2019esercente corrisponde all\u2019utente, in occasione della prima bolletta utile, un indennizzo automatico base calcolato mediante la seguente formula:<\/p>\n<p>I\ud835\udc4f\ud835\udc4e\ud835\udc60\ud835\udc52 = min{\ud835\udc3e \u2217\ud835\udc43 \ud835\udc50\ud835\udc5c\ud835\udc5b\ud835\udc61\ud835\udc5f ;I\ud835\udc5a\ud835\udc4e\ud835\udc65 }<\/p>\n<p>dove:<\/p>\n<p>&#8211; K \u00e8 il coefficiente che indica l\u2019entit\u00e0 dell\u2019indennizzo base specifico alla potenza dell\u2019utente, pari a 0,5 euro\/kW;<\/p>\n<p>&#8211; Pcontr \u00e8 la potenza contrattuale dell\u2019utente interessato dal mancato rispetto dello standard di qualit\u00e0, espressa in kW;<\/p>\n<p>&#8211; Imax \u00e8 il cap applicato all\u2019indennizzo automatico base, pari a 600 euro.<\/p>\n<p>Tale indennizzo automatico base \u00e8 crescente in relazione al ritardo nel riavvio della fornitura del servizio al singolo utente, come indicato di seguito:<\/p>\n<ol>\n<li>a) \u00e8 corrisposto l\u2019indennizzo automatico base se il riavvio del servizio avviene oltre lo standard, ma entro un tempo doppio dello standard;<\/li>\n<li>b) \u00e8 corrisposto il doppio dell\u2019indennizzo automatico base se il riavvio del servizio avviene oltre un tempo doppio dello standard, ma entro un tempo triplo;<\/li>\n<li>c) \u00e8 corrisposto il triplo dell\u2019indennizzo automatico base se il riavvio del servizio avviene oltre un tempo triplo dello standard.<\/li>\n<\/ol>\n<p>L\u2019esercente non \u00e8 tenuto a corrispondere l\u2019indennizzo automatico qualora il mancato rispetto degli standard specifici di qualit\u00e0 sia riconducibile a una delle seguenti cause:<\/p>\n<ol>\n<li>a) cause di forza maggiore, intese come atti di autorit\u00e0 pubblica, eventi naturali eccezionali per i quali sia stato dichiarato lo stato di calamit\u00e0 dall\u2019autorit\u00e0 competente, scioperi, mancato ottenimento di atti autorizzativi;<\/li>\n<li>b) cause esterne, intese come danni provocati da terzi, emergenze o incidenti, per fatti non imputabili all\u2019esercente.<\/li>\n<\/ol>\n<p>L\u2019esercente, nei casi in cui l\u2019utente risulti moroso, sospende l\u2019erogazione dell\u2019indennizzo automatico fino al pagamento delle somme dovute.<\/p><\/div>\n\t\t\t\t<\/div>\n\t\t\t\t\t\t\t<div class=\"elementor-toggle-item\">\n\t\t\t\t\t<div id=\"elementor-tab-title-5522\" class=\"elementor-tab-title\" data-tab=\"2\" role=\"button\" aria-controls=\"elementor-tab-content-5522\" aria-expanded=\"false\">\n\t\t\t\t\t\t\t\t\t\t\t\t<span class=\"elementor-toggle-icon elementor-toggle-icon-left\" aria-hidden=\"true\">\n\t\t\t\t\t\t\t\t\t\t\t\t\t\t\t<span class=\"elementor-toggle-icon-closed\"><i class=\"fas fa-plus\"><\/i><\/span>\n\t\t\t\t\t\t\t\t<span class=\"elementor-toggle-icon-opened\"><i class=\"elementor-toggle-icon-opened fas fa-play\"><\/i><\/span>\n\t\t\t\t\t\t\t\t\t\t\t\t\t<\/span>\n\t\t\t\t\t\t\t\t\t\t\t\t<a class=\"elementor-toggle-title\" tabindex=\"0\">Prestazioni ambientali<\/a>\n\t\t\t\t\t<\/div>\n\n\t\t\t\t\t<div id=\"elementor-tab-content-5522\" class=\"elementor-tab-content elementor-clearfix\" data-tab=\"2\" role=\"region\" aria-labelledby=\"elementor-tab-title-5522\"><p>Informazioni sul mix di combustibili utilizzato per la produzione dell\u2019energia termica immessa in rete nell\u2019anno 2023:<\/p><p><strong>Combustibili rinnovabili:<\/strong><\/p><ul><li>Biomassa solida (legna): 100 %<\/li><li>Biomassa liquida (olio vegetale): 0 %<\/li><li>Biomassa gassosa (biogas): 0 %<\/li><\/ul><p><strong>Combustibili fossili:<\/strong><\/p><ul><li>Metano: 0 %<\/li><li>Gasolio: 0 %<\/li><\/ul><p><strong>Quota di energia rinnovabile dell\u2019energia immessa in rete :\u00a0<\/strong>100%<\/p><p><strong>Quota di energia rinnovabile certificata tramite garanzie di origine:<\/strong>\u00a0attualmente nessuna certificazione<\/p><p><strong>Emissioni CO2 evitate:<\/strong>\u00a025.600 kg<\/p><\/div>\n\t\t\t\t<\/div>\n\t\t\t\t\t\t\t<div class=\"elementor-toggle-item\">\n\t\t\t\t\t<div id=\"elementor-tab-title-5523\" class=\"elementor-tab-title\" data-tab=\"3\" role=\"button\" aria-controls=\"elementor-tab-content-5523\" aria-expanded=\"false\">\n\t\t\t\t\t\t\t\t\t\t\t\t<span class=\"elementor-toggle-icon elementor-toggle-icon-left\" aria-hidden=\"true\">\n\t\t\t\t\t\t\t\t\t\t\t\t\t\t\t<span class=\"elementor-toggle-icon-closed\"><i class=\"fas fa-plus\"><\/i><\/span>\n\t\t\t\t\t\t\t\t<span class=\"elementor-toggle-icon-opened\"><i class=\"elementor-toggle-icon-opened fas fa-play\"><\/i><\/span>\n\t\t\t\t\t\t\t\t\t\t\t\t\t<\/span>\n\t\t\t\t\t\t\t\t\t\t\t\t<a class=\"elementor-toggle-title\" tabindex=\"0\">Realizzazione degli allacciamenti<\/a>\n\t\t\t\t\t<\/div>\n\n\t\t\t\t\t<div id=\"elementor-tab-content-5523\" class=\"elementor-tab-content elementor-clearfix\" data-tab=\"3\" role=\"region\" aria-labelledby=\"elementor-tab-title-5523\"><p>Il Cliente pu\u00f2 presentare la richiesta di allacciamento o di preventivazione dell\u2019allacciamento attraverso le seguenti modalit\u00e0: invio della richiesta tramite posta (Teleriscaldamento Colle Isarco Soc. Coop., Via Fleres. 9\/c, 39041 Colle Isarco (BZ), per E-Mail (<a href=\"mailto:fernheizwerkgossensass@rolmail.net\">fernheizwerkgossensass@rolmail.net<\/a>), sito internet o tramite eventuale sportello fisico reso disponibile dall\u2019esercente, compilando un apposito modulo accessibile anche tramite il sito internet dell\u2019esercente e presso eventuali sportelli fisici.<\/p><p><strong>Informazioni generali in merito alle modalit\u00e0 di realizzazione degli allacciamenti<\/strong><\/p><ol><li>le attivit\u00e0 che sono eseguite dal gestore e risultano incluse nel corrispettivo di allacciamento: Fornitura e posa delle tubazioni fino al punto di consegna e fornitura e installazione dello scambiatore di calore.<\/li><li>le attivit\u00e0 che sono eseguite dal gestore solo su richiesta dell\u2019utente e che non sono incluse nel corrispettivo di allacciamento:<br \/>Tutti i lavori e forniture per la connessione della rete dell\u2019utente allo scambiatore di calore.<\/li><li>le attivit\u00e0 che sono sempre in capo all\u2019utente: Autorizzazioni e permessi per la posa delle tubazioni.<\/li><li>eventuali sconti o esenzioni dal pagamento dei corrispettivi di allacciamento applicabili alla generalit\u00e0 degli utenti e le relative modalit\u00e0 applicative: non previste<\/li><\/ol><\/div>\n\t\t\t\t<\/div>\n\t\t\t\t\t\t\t<div class=\"elementor-toggle-item\">\n\t\t\t\t\t<div id=\"elementor-tab-title-5524\" class=\"elementor-tab-title\" data-tab=\"4\" role=\"button\" aria-controls=\"elementor-tab-content-5524\" aria-expanded=\"false\">\n\t\t\t\t\t\t\t\t\t\t\t\t<span class=\"elementor-toggle-icon elementor-toggle-icon-left\" aria-hidden=\"true\">\n\t\t\t\t\t\t\t\t\t\t\t\t\t\t\t<span class=\"elementor-toggle-icon-closed\"><i class=\"fas fa-plus\"><\/i><\/span>\n\t\t\t\t\t\t\t\t<span class=\"elementor-toggle-icon-opened\"><i class=\"elementor-toggle-icon-opened fas fa-play\"><\/i><\/span>\n\t\t\t\t\t\t\t\t\t\t\t\t\t<\/span>\n\t\t\t\t\t\t\t\t\t\t\t\t<a class=\"elementor-toggle-title\" tabindex=\"0\">Disattivazione della fornitura e scollegamento dalla rete<\/a>\n\t\t\t\t\t<\/div>\n\n\t\t\t\t\t<div id=\"elementor-tab-content-5524\" class=\"elementor-tab-content elementor-clearfix\" data-tab=\"4\" role=\"region\" aria-labelledby=\"elementor-tab-title-5524\"><p>Il Cliente pu\u00f2 presentare la richiesta di disattivazione della fornitura o di scollegamento della rete attraverso le seguenti modalit\u00e0: invio della richiesta tramite posta (Teleriscaldamento Colle Isarco Soc. Coop., Via Fleres. 9\/c, 39041 Colle Isarco (BZ)), per E-Mail (<a href=\"mailto:fernheizwerkgossensass@rolmail.net\">fernheizwerkgossensass@rolmail.net<\/a>), sito internet o tramite eventuale sportello fisico reso disponibile dall\u2019esercente, compilando un apposito modulo accessibile anche tramite il sito internet dell\u2019esercente e presso eventuali sportelli fisici.<\/p><p><strong>Attivit\u00e0 previste in caso di disattivazione della fornitura, di cui al comma 8.2 del TUAR:<\/strong><\/p><p>a) chiusura delle valvole di intercettazione della sottostazione di utenza e loro piombatura<br \/>b) effettuazione della lettura di cessazione<br \/>c) emissione della fattura di chiusura del rapporto contrattuale, sulla base della lettura di cui alla precedente lettera b).<\/p><p><strong>Attivit\u00e0 previste in caso di scollegamento dalla rete, di cui ai commi 8.2 e 8.4 del TUAR:<\/strong><\/p><p>a) chiusura delle valvole di intercettazione della sottostazione di utenza e loro piombatura<br \/>b) effettuazione della lettura di cessazione<br \/>c) emissione della fattura di chiusura del rapporto contrattuale, sulla base della lettura di cui alla precedente lettera b).<br \/>d) rimozione del gruppo di misura e delle altre componenti della sottostazione d\u2019utenza nei casi in cui queste siano di propriet\u00e0 del gestore<br \/>e) disalimentazione di apparecchiature elettriche facenti parte dell\u2019impianto di allacciamento<br \/>f) intercettazione del circuito idraulico di allacciamento a monte della propriet\u00e0 privata dell\u2019utente, ove tale circuito non serva altri utenti<\/p><p>Non sono previsti oneri o altre spese per il Cliente per la disattivazione della fornitura e la disconnessione dalla rete, ad eccezione dell\u2019eventuale tassa di protezione di cui all\u2019art. 7.1 TUAR (se l\u2019Operatore prevede per contratto tale tassa di protezione).<\/p><p>Non sono previsti corrispettivi o altri oneri per la disattivazione della fornitura e lo scollegamento dalla rete, ad eccezione dell\u2019eventuale corrispettivo di salvaguardia di cui al comma 7.1 TUAR.<\/p><p>Non sono previsti vincoli temporali al recesso fatto salvo il periodo di preavviso di cui al comma 6.1 TUAR.<\/p><\/div>\n\t\t\t\t<\/div>\n\t\t\t\t\t\t\t<div class=\"elementor-toggle-item\">\n\t\t\t\t\t<div id=\"elementor-tab-title-5525\" class=\"elementor-tab-title\" data-tab=\"5\" role=\"button\" aria-controls=\"elementor-tab-content-5525\" aria-expanded=\"false\">\n\t\t\t\t\t\t\t\t\t\t\t\t<span class=\"elementor-toggle-icon elementor-toggle-icon-left\" aria-hidden=\"true\">\n\t\t\t\t\t\t\t\t\t\t\t\t\t\t\t<span class=\"elementor-toggle-icon-closed\"><i class=\"fas fa-plus\"><\/i><\/span>\n\t\t\t\t\t\t\t\t<span class=\"elementor-toggle-icon-opened\"><i class=\"elementor-toggle-icon-opened fas fa-play\"><\/i><\/span>\n\t\t\t\t\t\t\t\t\t\t\t\t\t<\/span>\n\t\t\t\t\t\t\t\t\t\t\t\t<a class=\"elementor-toggle-title\" tabindex=\"0\">Esercizio del diritto di recesso<\/a>\n\t\t\t\t\t<\/div>\n\n\t\t\t\t\t<div id=\"elementor-tab-content-5525\" class=\"elementor-tab-content elementor-clearfix\" data-tab=\"5\" role=\"region\" aria-labelledby=\"elementor-tab-title-5525\"><p>L\u2019utente ha diritto di recedere dal contratto di fornitura del servizio di teleriscaldamento in qualunque momento, con un periodo di preavviso di un mese. L\u2019utente esercita tale diritto presentando all\u2019esercente una richiesta di disattivazione della fornitura oppure presentando una richiesta di scollegamento dalla rete.<br \/>Nel caso in cui il recesso avvenga prima della naturale scadenza del contratto, all\u2019utente potr\u00e0 essere addebitato un corrispettivo di salvaguardia a copertura dei costi di allacciamento. Il corrispettivo di salvaguardia \u00e8 calcolato secondo i criteri di cui all\u2019art. 7.1 del TUAR (Allegato A alla deliberazione ARERA 463\/2021\/R\/tlr e s.m.i.).*<\/p><p><em>* <\/em><em>L\u2019ammontare del corrispettivo di salvaguardia applicabile \u00e8 determinato in funzione del momento in cui avviene il recesso.<br \/><\/em><em>Il corrispettivo di salvaguardia applicabile all\u2019utente \u00e8 pari a:<br \/><\/em><em>a) nel caso di utente residenziale domestico, diverso da un utente socio della societ\u00e0 cooperativa che gli fornisce l\u2019energia termica, alla differenza tra il costo di realizzazione dell\u2019allacciamento, al netto di eventuali contributi pubblici, e il corrispettivo applicato all\u2019utente per la realizzazione dello stesso;<br \/><\/em><em>b) in tutti i casi diversi dalla precedente lettera a), alla differenza tra il costo di realizzazione dell\u2019allacciamento, di estensione e\/o potenziamento della rete e di ogni altra opera necessaria per fornire l\u2019energia termica all\u2019utente, al netto di eventuali contributi pubblici, e il corrispettivo totale applicato all\u2019utente.<br \/><\/em><em>Il corrispettivo di salvaguardia viene applicato per: i) 5 anni per un utente residenziale, sia domestico sia non domestico, diverso da un utente socio della societ\u00e0 cooperativa che gli fornisce energia termica; ii) 10 anni, per gli utenti diversi da quelli di cui alla precedente lettera i).<\/em><\/p><\/div>\n\t\t\t\t<\/div>\n\t\t\t\t\t\t\t<div class=\"elementor-toggle-item\">\n\t\t\t\t\t<div id=\"elementor-tab-title-5526\" class=\"elementor-tab-title\" data-tab=\"6\" role=\"button\" aria-controls=\"elementor-tab-content-5526\" aria-expanded=\"false\">\n\t\t\t\t\t\t\t\t\t\t\t\t<span class=\"elementor-toggle-icon elementor-toggle-icon-left\" aria-hidden=\"true\">\n\t\t\t\t\t\t\t\t\t\t\t\t\t\t\t<span class=\"elementor-toggle-icon-closed\"><i class=\"fas fa-plus\"><\/i><\/span>\n\t\t\t\t\t\t\t\t<span class=\"elementor-toggle-icon-opened\"><i class=\"elementor-toggle-icon-opened fas fa-play\"><\/i><\/span>\n\t\t\t\t\t\t\t\t\t\t\t\t\t<\/span>\n\t\t\t\t\t\t\t\t\t\t\t\t<a class=\"elementor-toggle-title\" tabindex=\"0\">Prezzi<\/a>\n\t\t\t\t\t<\/div>\n\n\t\t\t\t\t<div id=\"elementor-tab-content-5526\" class=\"elementor-tab-content elementor-clearfix\" data-tab=\"6\" role=\"region\" aria-labelledby=\"elementor-tab-title-5526\"><p><strong>tipologia di prezzo:<\/strong> monomia<br \/><strong>comuni nei quali si applica:<\/strong> xxx (BZ)<br \/><strong>decorrenza di applicazione:<\/strong> xxx<br \/><strong>frequenza temporale di aggiornamento dei prezzi:<\/strong> il prezzo verr\u00e0 rideterminato periodicamente dal Consiglio d\u2019amministrazione, tenuto conto di tutti i costi, di qualsiasi natura essi siano. La variazione dei prezzi sar\u00e0 in ogni caso comunicata preventivamente per iscritto al cliente.<br \/><strong>componenti del prezzo:<\/strong> 0,xxx \u20ac \/ kWh consumo energia termica (IVA esclusa)<br \/><strong>tipologia di fornitura:<\/strong> riscaldamento<br \/><strong>tipologia di utilizzo:<\/strong> residenziale, terziario, industriale.<\/p><\/div>\n\t\t\t\t<\/div>\n\t\t\t\t\t\t\t\t<\/div>\n\t\t\t\t\t\t<\/div>\n\t\t\t\t<\/div>\n\t\t\t\t\t<\/div>\n\t\t<\/div>\n\t\t\t\t\t<\/div>\n\t\t<\/section>\n\t\t\t\t<\/div>\n\t\t","protected":false},"excerpt":{"rendered":"<p>Clienti: Per l\u2019invio di reclami e richieste di informazioni l\u2019utente pu\u00f2 rivolgersi a: Teleriscaldamento Colle Isarco Societ\u00e0 CooperativaVia Fleres. 9\/c39041 Colle Isarco (BZ)Tel: +39 3479323585E-Mail: fernheizwerkgossensass@rolmail.net Orari di apertura dell\u2019ufficio e del servizio telefonico:Orari di apertura dell&#8217;ufficio solo su appuntamento. Servizio telefonico Luned\u00ec &#8211; Venerd\u00ec dalle 10:00 &#8211; 12:00.Siamo raggiungibili tutti i giorni, tranne il [&hellip;]<\/p>\n","protected":false},"author":1,"featured_media":0,"parent":0,"menu_order":0,"comment_status":"closed","ping_status":"closed","template":"elementor_header_footer","meta":{"_acf_changed":false,"footnotes":""},"class_list":["post-1451","page","type-page","status-publish","hentry"],"acf":[],"_links":{"self":[{"href":"https:\/\/www.fernheizwerk-gossensass.bz.it\/it\/wp-json\/wp\/v2\/pages\/1451","targetHints":{"allow":["GET"]}}],"collection":[{"href":"https:\/\/www.fernheizwerk-gossensass.bz.it\/it\/wp-json\/wp\/v2\/pages"}],"about":[{"href":"https:\/\/www.fernheizwerk-gossensass.bz.it\/it\/wp-json\/wp\/v2\/types\/page"}],"author":[{"embeddable":true,"href":"https:\/\/www.fernheizwerk-gossensass.bz.it\/it\/wp-json\/wp\/v2\/users\/1"}],"replies":[{"embeddable":true,"href":"https:\/\/www.fernheizwerk-gossensass.bz.it\/it\/wp-json\/wp\/v2\/comments?post=1451"}],"version-history":[{"count":5,"href":"https:\/\/www.fernheizwerk-gossensass.bz.it\/it\/wp-json\/wp\/v2\/pages\/1451\/revisions"}],"predecessor-version":[{"id":2041,"href":"https:\/\/www.fernheizwerk-gossensass.bz.it\/it\/wp-json\/wp\/v2\/pages\/1451\/revisions\/2041"}],"wp:attachment":[{"href":"https:\/\/www.fernheizwerk-gossensass.bz.it\/it\/wp-json\/wp\/v2\/media?parent=1451"}],"curies":[{"name":"wp","href":"https:\/\/api.w.org\/{rel}","templated":true}]}}